{"id":120,"date":"2011-04-20T00:01:58","date_gmt":"2011-04-19T22:01:58","guid":{"rendered":"http:\/\/www.farnost-strazske.sk\/?page_id=120"},"modified":"2026-05-18T20:57:11","modified_gmt":"2026-05-18T20:57:11","slug":"uvodna_stranka","status":"publish","type":"page","link":"https:\/\/www.farnost-strazske.sk\/","title":{"rendered":"\u00davod"},"content":{"rendered":"\n<hr class=\"wp-block-separator has-alpha-channel-opacity\"\/>\n\n\n\n<p><\/p>\n\n\n\n<p class=\"has-text-align-center has-medium-font-size\"><span style=\"text-decoration: underline;\">Najnov\u0161ie \u010dl\u00e1nky<\/span><\/p>\n\n\n\n<div class=\"wp-block-group\"><div class=\"wp-block-group__inner-container is-layout-flow wp-block-group-is-layout-flow\"><ul class=\"wp-block-latest-posts__list has-dates wp-block-latest-posts\"><li><a class=\"wp-block-latest-posts__post-title\" href=\"https:\/\/www.farnost-strazske.sk\/?p=64038\">Liturgick\u00fd preh\u013ead a\u00a0oznamy 31.8. \u2013 6.9. 2026<\/a><time datetime=\"2026-08-30T21:38:00+02:00\" class=\"wp-block-latest-posts__post-date\">30. augusta 2026<\/time><div class=\"wp-block-latest-posts__post-excerpt\">Pondelok \/31.08.\/ f\u00e9ria 07.30 Str\u00e1\u017eske-sv.zmierenia (aj po sv. om\u0161i) 08.00 Str\u00e1\u017eske + Anton\u00edn Materna 07.30 Brekov-sv.zmierenia (aj po sv. om\u0161i) 08.00 Brekov + ROD Miha\u013ekov\u00e1 (\u010d.215) Utorok \/01.09.\/ f\u00e9ria 17.00\u201318.00 Str\u00e1\u017eske-sv.zmierenia 18.00 Str\u00e1\u017eske + Jozef, Anna + ROD Da\u0148ov\u00e1 a Dziakov\u00e1 &nbsp;&nbsp; 17.00\u201318.00\u2026 <a class=\"wp-block-latest-posts__read-more\" href=\"https:\/\/www.farnost-strazske.sk\/?p=64038\" rel=\"noopener noreferrer\">\u010c\u00edta\u0165 viac<span class=\"screen-reader-text\">: Liturgick\u00fd preh\u013ead a\u00a0oznamy 31.8. \u2013 6.9. 2026<\/span><\/a><\/div><\/li>\n<li><a class=\"wp-block-latest-posts__post-title\" href=\"https:\/\/www.farnost-strazske.sk\/?p=64003\">K\u00fdm je pre teba \u010dlovek?<\/a><time datetime=\"2026-08-24T04:41:00+02:00\" class=\"wp-block-latest-posts__post-date\">24. augusta 2026<\/time><div class=\"wp-block-latest-posts__post-excerpt\">U\u017e som o \u0148om po\u010dul ve\u013ea. Aj preto viem, za koho pokladaj\u00fa \u013eudia&nbsp;Syna \u010dloveka. Viem, za koho ho pokladali moji star\u00ed rodi\u010dia. Viem, \u010do si o \u0148om myslia moji rodi\u010dia, ba aj bl\u00edzka rodina. Po\u010dul som na tis\u00edc pr\u00edbehov cudz\u00edch \u013eud\u00ed, ktor\u00ed mi\u2026 <a class=\"wp-block-latest-posts__read-more\" href=\"https:\/\/www.farnost-strazske.sk\/?p=64003\" rel=\"noopener noreferrer\">\u010c\u00edta\u0165 viac<span class=\"screen-reader-text\">: K\u00fdm je pre teba \u010dlovek?<\/span><\/a><\/div><\/li>\n<li><a class=\"wp-block-latest-posts__post-title\" href=\"https:\/\/www.farnost-strazske.sk\/?p=64001\">Liturgick\u00fd preh\u013ead a\u00a0oznamy 24.8.\u2013 30.8.2026<\/a><time datetime=\"2026-08-24T04:40:00+02:00\" class=\"wp-block-latest-posts__post-date\">24. augusta 2026<\/time><div class=\"wp-block-latest-posts__post-excerpt\">Pondelok \/24.08.\/ sv. Bartolomeja, apo\u0161tola &nbsp;&nbsp;&nbsp;sviatok 18.00 Str\u00e1\u017eske + Anna a&nbsp;Jozef Bonkalo 08.00 Brekov+ ROD Jacinov\u00e1, Sidorov\u00e1 Utorok \/25.08.\/ &nbsp;f\u00e9ria 18.00 Str\u00e1\u017eskeZBP M\u00e1ria a \u013dubo\u0161 18.30 Pust\u00e9 \u010cemern\u00e9 Streda \/26.08.\/ f\u00e9ria 08.00 Str\u00e1\u017eskeZBP Mariana s&nbsp;rodinouZBP Jana &nbsp;s dc\u00e9rou 08.00 Brekov+ Jozef, M\u00e1ria, Ka\u0161\u0161ai\u2026 <a class=\"wp-block-latest-posts__read-more\" href=\"https:\/\/www.farnost-strazske.sk\/?p=64001\" rel=\"noopener noreferrer\">\u010c\u00edta\u0165 viac<span class=\"screen-reader-text\">: Liturgick\u00fd preh\u013ead a\u00a0oznamy 24.8.\u2013 30.8.2026<\/span><\/a><\/div><\/li>\n<li><a class=\"wp-block-latest-posts__post-title\" href=\"https:\/\/www.farnost-strazske.sk\/?p=63976\">Liturgick\u00fd preh\u013ead a\u00a0oznamy 17.8.\u2013 23.08. 2026<\/a><time datetime=\"2026-08-17T07:00:00+02:00\" class=\"wp-block-latest-posts__post-date\">17. augusta 2026<\/time><div class=\"wp-block-latest-posts__post-excerpt\">Pondelok \/17.08.\/ f\u00e9ria 18.00 Str\u00e1\u017eske + Mikul\u00e1\u0161 a&nbsp;M\u00e1ria Va\u013eov\u00ed 08.00 Brekov + Michal, Helena a&nbsp;J\u00e1n Mati\u0161\u010d\u00e1k Utorok \/18.08.\/ Sv. Heleny, spomienka 08.00 Str\u00e1\u017eske + rod. Holejov\u00e1 a Belakov\u00e1 18.30 Pust\u00e9 \u010cemern\u00e9 Streda \/19.08.\/ f\u00e9ria 08.00 Str\u00e1\u017eske + Irena a&nbsp;Bartolomej Zajac 18.30 Brekov +\u2026 <a class=\"wp-block-latest-posts__read-more\" href=\"https:\/\/www.farnost-strazske.sk\/?p=63976\" rel=\"noopener noreferrer\">\u010c\u00edta\u0165 viac<span class=\"screen-reader-text\">: Liturgick\u00fd preh\u013ead a\u00a0oznamy 17.8.\u2013 23.08. 2026<\/span><\/a><\/div><\/li>\n<li><a class=\"wp-block-latest-posts__post-title\" href=\"https:\/\/www.farnost-strazske.sk\/?p=63951\">Liturgick\u00fd preh\u013ead a\u00a0oznamy 10.8.\u2013 16.8. 2026<\/a><time datetime=\"2026-08-10T05:00:00+02:00\" class=\"wp-block-latest-posts__post-date\">10. augusta 2026<\/time><div class=\"wp-block-latest-posts__post-excerpt\">Pondelok \/10.08.\/ sv. Vavrinec, diakon sviatok 18.00 Str\u00e1\u017eske ZBP ROD Jonekov\u00e1 08.00 Brekov + Michal a&nbsp;M\u00e1ria Miha\u013eko Utorok \/11.08.\/ Sv. Kl\u00e1ra, panna spomienka 18.00 Str\u00e1\u017eske- pohrebn\u00e1 + Jozef Tk\u00e1\u010d &nbsp; 19.00 Pust\u00e9 \u010cemern\u00e9 \u2013 pohrebn\u00e1 + Irena Miklo\u0161ov\u00e1 Streda \/12.08.\/ f\u00e9ria 08.00 Str\u00e1\u017eske\u2026 <a class=\"wp-block-latest-posts__read-more\" href=\"https:\/\/www.farnost-strazske.sk\/?p=63951\" rel=\"noopener noreferrer\">\u010c\u00edta\u0165 viac<span class=\"screen-reader-text\">: Liturgick\u00fd preh\u013ead a\u00a0oznamy 10.8.\u2013 16.8. 2026<\/span><\/a><\/div><\/li>\n<\/ul>\n\n\n<hr class=\"wp-block-separator has-css-opacity\"\/>\n<\/div><\/div>\n\n\n\n<div class=\"wp-block-buttons is-horizontal is-content-justification-center is-layout-flex wp-container-core-buttons-is-layout-499968f5 wp-block-buttons-is-layout-flex\">\n\n<\/div>\n\n\n\n<p style=\"font-size:4px\"><\/p>\n","protected":false},"excerpt":{"rendered":"<p>Najnov\u0161ie \u010dl\u00e1nky<\/p>\n","protected":false},"author":1,"featured_media":0,"parent":0,"menu_order":0,"comment_status":"closed","ping_status":"closed","template":"page-3col.php","meta":{"ngg_post_thumbnail":0,"footnotes":""},"class_list":["post-120","page","type-page","status-publish","hentry"],"_links":{"self":[{"href":"https:\/\/www.farnost-strazske.sk\/index.php?rest_route=\/wp\/v2\/pages\/120","targetHints":{"allow":["GET"]}}],"collection":[{"href":"https:\/\/www.farnost-strazske.sk\/index.php?rest_route=\/wp\/v2\/pages"}],"about":[{"href":"https:\/\/www.farnost-strazske.sk\/index.php?rest_route=\/wp\/v2\/types\/page"}],"author":[{"embeddable":true,"href":"https:\/\/www.farnost-strazske.sk\/index.php?rest_route=\/wp\/v2\/users\/1"}],"replies":[{"embeddable":true,"href":"https:\/\/www.farnost-strazske.sk\/index.php?rest_route=%2Fwp%2Fv2%2Fcomments&post=120"}],"version-history":[{"count":621,"href":"https:\/\/www.farnost-strazske.sk\/index.php?rest_route=\/wp\/v2\/pages\/120\/revisions"}],"predecessor-version":[{"id":63545,"href":"https:\/\/www.farnost-strazske.sk\/index.php?rest_route=\/wp\/v2\/pages\/120\/revisions\/63545"}],"wp:attachment":[{"href":"https:\/\/www.farnost-strazske.sk\/index.php?rest_route=%2Fwp%2Fv2%2Fmedia&parent=120"}],"curies":[{"name":"wp","href":"https:\/\/api.w.org\/{rel}","templated":true}]}}